{"id":283,"date":"2020-06-28T16:39:03","date_gmt":"2020-06-28T16:39:03","guid":{"rendered":"https:\/\/themekreativ.com\/parezy\/?post_type=service&#038;p=283"},"modified":"2021-06-26T21:58:39","modified_gmt":"2021-06-26T21:58:39","slug":"expressive-language","status":"publish","type":"service","link":"https:\/\/lerntherapie.be\/?service=expressive-language","title":{"rendered":"Lerntherapeutische Naturp\u00e4dagogik"},"content":{"rendered":"\t\t<div data-elementor-type=\"wp-post\" data-elementor-id=\"283\" class=\"elementor elementor-283\">\n\t\t\t\t\t\t<section class=\"elementor-section elementor-top-section elementor-element elementor-element-a8dda52 elementor-section-boxed elementor-section-height-default elementor-section-height-default cd-bg-color-transparent\" data-id=\"a8dda52\" data-element_type=\"section\">\n\t\t\t\t\t\t<div class=\"elementor-container elementor-column-gap-default\">\n\t\t\t\t\t<div class=\"elementor-column elementor-col-100 elementor-top-column elementor-element elementor-element-c128741 cd-bg-color-transparent\" data-id=\"c128741\" data-element_type=\"column\">\n\t\t\t<div class=\"elementor-widget-wrap elementor-element-populated\">\n\t\t\t\t\t\t<section class=\"elementor-section elementor-inner-section elementor-element elementor-element-852c08c elementor-section-boxed elementor-section-height-default elementor-section-height-default cd-bg-color-transparent\" data-id=\"852c08c\" data-element_type=\"section\">\n\t\t\t\t\t\t<div class=\"elementor-container elementor-column-gap-default\">\n\t\t\t\t\t<div class=\"elementor-column elementor-col-50 elementor-inner-column elementor-element elementor-element-94d7182 cd-bg-color-transparent\" data-id=\"94d7182\" data-element_type=\"column\">\n\t\t\t<div class=\"elementor-widget-wrap elementor-element-populated\">\n\t\t\t\t\t\t<div class=\"elementor-element elementor-element-1344071 elementor-widget elementor-widget-image\" data-id=\"1344071\" data-element_type=\"widget\" data-widget_type=\"image.default\">\n\t\t\t\t<div class=\"elementor-widget-container\">\n\t\t\t\t\t\t\t\t\t\t\t\t\t\t\t<img fetchpriority=\"high\" decoding=\"async\" width=\"640\" height=\"480\" src=\"https:\/\/lerntherapie.be\/wp-content\/uploads\/2021\/06\/9-Baum-ho\u0308ren.jpg\" class=\"attachment-large size-large wp-image-3628\" alt=\"\" srcset=\"https:\/\/lerntherapie.be\/wp-content\/uploads\/2021\/06\/9-Baum-ho\u0308ren.jpg 640w, https:\/\/lerntherapie.be\/wp-content\/uploads\/2021\/06\/9-Baum-ho\u0308ren-300x225.jpg 300w\" sizes=\"(max-width: 640px) 100vw, 640px\" \/>\t\t\t\t\t\t\t\t\t\t\t\t\t\t\t<\/div>\n\t\t\t\t<\/div>\n\t\t\t\t\t<\/div>\n\t\t<\/div>\n\t\t\t\t<div class=\"elementor-column elementor-col-50 elementor-inner-column elementor-element elementor-element-941615c cd-bg-color-transparent\" data-id=\"941615c\" data-element_type=\"column\">\n\t\t\t<div class=\"elementor-widget-wrap elementor-element-populated\">\n\t\t\t\t\t\t<div class=\"elementor-element elementor-element-421623a elementor-widget elementor-widget-heading\" data-id=\"421623a\" data-element_type=\"widget\" data-widget_type=\"heading.default\">\n\t\t\t\t<div class=\"elementor-widget-container\">\n\t\t\t\t\t<h2 class=\"elementor-heading-title elementor-size-default\">Naturp\u00e4dagogik und Flow Learning<\/h2>\t\t\t\t<\/div>\n\t\t\t\t<\/div>\n\t\t\t\t<div class=\"elementor-element elementor-element-bb6e515 elementor-widget elementor-widget-text-editor\" data-id=\"bb6e515\" data-element_type=\"widget\" data-widget_type=\"text-editor.default\">\n\t\t\t\t<div class=\"elementor-widget-container\">\n\t\t\t\t\t\t\t\t\t<p>Die Waldp\u00e4dagogik ist eine Form der Naturp\u00e4dagogik und soll ganzheitlich durch praktisches Erleben und Lernen \u00f6kologische und gesellschaftliche Zusammenh\u00e4nge in Wald und Natur nahebringen und somit der Naturentfremdung entgegenwirken. Joseph Cornell, amerikanischer Naturp\u00e4dagoge, ist in den 1980er mit dem\u00a0 Konzept des \u201eFlow Learning\u201c bekannt geworden.<\/p><p>Die Grundidee des Flow Learnings ist \u00fcberraschend einfach, wie Cornells Beobachtung zeigt: \u201e<em>Das Wichtigste, was ein Kind mitbringt, sind seine Begeisterung, seine Neugier und seine staunende Wahrnehmung. Wenn wir\u00a0 diesen Eigenschaften nicht den n\u00f6tigen Raum geben, zerst\u00f6ren wir den Teil, der die Hand ausstreckt und das Leben umarmt\u201c<\/em>.<\/p>\t\t\t\t\t\t\t\t<\/div>\n\t\t\t\t<\/div>\n\t\t\t\t\t<\/div>\n\t\t<\/div>\n\t\t\t\t\t<\/div>\n\t\t<\/section>\n\t\t\t\t\t<\/div>\n\t\t<\/div>\n\t\t\t\t\t<\/div>\n\t\t<\/section>\n\t\t\t\t<section class=\"elementor-section elementor-top-section elementor-element elementor-element-2f752c7 elementor-section-boxed elementor-section-height-default elementor-section-height-default cd-bg-color-transparent\" data-id=\"2f752c7\" data-element_type=\"section\">\n\t\t\t\t\t\t<div class=\"elementor-container elementor-column-gap-default\">\n\t\t\t\t\t<div class=\"elementor-column elementor-col-100 elementor-top-column elementor-element elementor-element-3c11a52 cd-bg-color-transparent\" data-id=\"3c11a52\" data-element_type=\"column\">\n\t\t\t<div class=\"elementor-widget-wrap elementor-element-populated\">\n\t\t\t\t\t\t<div class=\"elementor-element elementor-element-519feee elementor-widget elementor-widget-text-editor\" data-id=\"519feee\" data-element_type=\"widget\" data-widget_type=\"text-editor.default\">\n\t\t\t\t<div class=\"elementor-widget-container\">\n\t\t\t\t\t\t\t\t\t<p>Das Flow Learning leitet in drei aufeinanderfolgenden Schritten von der Bewusstheit zum Handeln. Zun\u00e4chst gilt es, Begeisterung und Aufmerksamkeit zu wecken, dann die Wahrnehmung zu konzentrieren und\u00a0 schlie\u00dflich das Eintauchen in das Erleben zu erleichtern. Auf diese drei Schritte folgt ein vierter, bei dem man einander an den eigenen Erfahrungen teilhaben l\u00e4sst. So wird das Erlebte in nachhaltige und tief verankerte\u00a0 Erinnerungen umgewandelt.<\/p>\t\t\t\t\t\t\t\t<\/div>\n\t\t\t\t<\/div>\n\t\t\t\t\t<\/div>\n\t\t<\/div>\n\t\t\t\t\t<\/div>\n\t\t<\/section>\n\t\t\t\t<section class=\"elementor-section elementor-top-section elementor-element elementor-element-7159abbc elementor-section-boxed elementor-section-height-default elementor-section-height-default cd-bg-color-transparent\" data-id=\"7159abbc\" data-element_type=\"section\">\n\t\t\t\t\t\t<div class=\"elementor-container elementor-column-gap-default\">\n\t\t\t\t\t<div class=\"elementor-column elementor-col-100 elementor-top-column elementor-element elementor-element-65239f06 cd-bg-color-transparent\" data-id=\"65239f06\" data-element_type=\"column\">\n\t\t\t<div class=\"elementor-widget-wrap elementor-element-populated\">\n\t\t\t\t\t\t<div class=\"elementor-element elementor-element-49182e84 elementor-widget elementor-widget-heading\" data-id=\"49182e84\" data-element_type=\"widget\" data-widget_type=\"heading.default\">\n\t\t\t\t<div class=\"elementor-widget-container\">\n\t\t\t\t\t<h3 class=\"elementor-heading-title elementor-size-default\">Gemeinsamkeiten von Natur-\/Waldp\u00e4dagogik und der Lerntherapie<\/h3>\t\t\t\t<\/div>\n\t\t\t\t<\/div>\n\t\t\t\t<div class=\"elementor-element elementor-element-435d8881 elementor-widget elementor-widget-text-editor\" data-id=\"435d8881\" data-element_type=\"widget\" data-widget_type=\"text-editor.default\">\n\t\t\t\t<div class=\"elementor-widget-container\">\n\t\t\t\t\t\t\t\t\t<p><em>\u201eKinder sollten, soweit das m\u00f6glich ist, artgerecht aufwachsen: mit genug Natur, M\u00f6glichkeiten zum Klettern, <\/em><em>Spielen, Kreativ- und Fantasievoll-Sein\u201c<\/em> Stefan Reiner<\/p><p>Die ganzheitliche Lerntherapie nach Stefan Reiner und die Natur- und Waldp\u00e4dagogik haben viele Parallelen, bzw. Ans\u00e4tze und Ziele:<\/p>\t\t\t\t\t\t\t\t<\/div>\n\t\t\t\t<\/div>\n\t\t\t\t\t<\/div>\n\t\t<\/div>\n\t\t\t\t\t<\/div>\n\t\t<\/section>\n\t\t\t\t<section class=\"elementor-section elementor-top-section elementor-element elementor-element-66b8ecad elementor-section-boxed elementor-section-height-default elementor-section-height-default cd-bg-color-transparent\" data-id=\"66b8ecad\" data-element_type=\"section\">\n\t\t\t\t\t\t<div class=\"elementor-container elementor-column-gap-default\">\n\t\t\t\t\t<div class=\"elementor-column elementor-col-100 elementor-top-column elementor-element elementor-element-539fa2cc cd-bg-color-transparent\" data-id=\"539fa2cc\" data-element_type=\"column\">\n\t\t\t<div class=\"elementor-widget-wrap elementor-element-populated\">\n\t\t\t\t\t\t<div class=\"elementor-element elementor-element-6a97c1a7 elementor-align-left elementor-icon-list--layout-traditional elementor-list-item-link-full_width elementor-widget elementor-widget-icon-list\" data-id=\"6a97c1a7\" data-element_type=\"widget\" data-widget_type=\"icon-list.default\">\n\t\t\t\t<div class=\"elementor-widget-container\">\n\t\t\t\t\t\t\t<ul class=\"elementor-icon-list-items\">\n\t\t\t\t\t\t\t<li class=\"elementor-icon-list-item\">\n\t\t\t\t\t\t\t\t\t\t\t<span class=\"elementor-icon-list-icon\">\n\t\t\t\t\t\t\t<i aria-hidden=\"true\" class=\"flaticon flaticon-check-mark\"><\/i>\t\t\t\t\t\t<\/span>\n\t\t\t\t\t\t\t\t\t\t<span class=\"elementor-icon-list-text\">der ganzheitliche Ansatz (P\u00e4dagogik, Psychologie und Medizin; K\u00f6rper, Geist und Seele)<\/span>\n\t\t\t\t\t\t\t\t\t<\/li>\n\t\t\t\t\t\t\t\t<li class=\"elementor-icon-list-item\">\n\t\t\t\t\t\t\t\t\t\t\t<span class=\"elementor-icon-list-icon\">\n\t\t\t\t\t\t\t<i aria-hidden=\"true\" class=\"flaticon flaticon-check-mark\"><\/i>\t\t\t\t\t\t<\/span>\n\t\t\t\t\t\t\t\t\t\t<span class=\"elementor-icon-list-text\">die Potenzialentfaltung des Kindes, Ressourcen und nicht Defizit orientiert<\/span>\n\t\t\t\t\t\t\t\t\t<\/li>\n\t\t\t\t\t\t\t\t<li class=\"elementor-icon-list-item\">\n\t\t\t\t\t\t\t\t\t\t\t<span class=\"elementor-icon-list-icon\">\n\t\t\t\t\t\t\t<i aria-hidden=\"true\" class=\"flaticon flaticon-check-mark\"><\/i>\t\t\t\t\t\t<\/span>\n\t\t\t\t\t\t\t\t\t\t<span class=\"elementor-icon-list-text\">die Neugierde, die Entdeckerfreude, die vorhandene kostbare Begeisterung der Kinder bewahren<\/span>\n\t\t\t\t\t\t\t\t\t<\/li>\n\t\t\t\t\t\t\t\t<li class=\"elementor-icon-list-item\">\n\t\t\t\t\t\t\t\t\t\t\t<span class=\"elementor-icon-list-icon\">\n\t\t\t\t\t\t\t<i aria-hidden=\"true\" class=\"flaticon flaticon-check-mark\"><\/i>\t\t\t\t\t\t<\/span>\n\t\t\t\t\t\t\t\t\t\t<span class=\"elementor-icon-list-text\">die Entwicklung der seelischen Reife <\/span>\n\t\t\t\t\t\t\t\t\t<\/li>\n\t\t\t\t\t\t\t\t<li class=\"elementor-icon-list-item\">\n\t\t\t\t\t\t\t\t\t\t\t<span class=\"elementor-icon-list-icon\">\n\t\t\t\t\t\t\t<i aria-hidden=\"true\" class=\"fas fa-check\"><\/i>\t\t\t\t\t\t<\/span>\n\t\t\t\t\t\t\t\t\t\t<span class=\"elementor-icon-list-text\">Stress abbauen, lernen im entspannen Zustand, im Fluss - Flow Learning <\/span>\n\t\t\t\t\t\t\t\t\t<\/li>\n\t\t\t\t\t\t\t\t<li class=\"elementor-icon-list-item\">\n\t\t\t\t\t\t\t\t\t\t\t<span class=\"elementor-icon-list-icon\">\n\t\t\t\t\t\t\t<i aria-hidden=\"true\" class=\"fas fa-check\"><\/i>\t\t\t\t\t\t<\/span>\n\t\t\t\t\t\t\t\t\t\t<span class=\"elementor-icon-list-text\">Motivation steigern<\/span>\n\t\t\t\t\t\t\t\t\t<\/li>\n\t\t\t\t\t\t\t\t<li class=\"elementor-icon-list-item\">\n\t\t\t\t\t\t\t\t\t\t\t<span class=\"elementor-icon-list-icon\">\n\t\t\t\t\t\t\t<i aria-hidden=\"true\" class=\"fas fa-check\"><\/i>\t\t\t\t\t\t<\/span>\n\t\t\t\t\t\t\t\t\t\t<span class=\"elementor-icon-list-text\">spielerisch und mit Freude lernen<\/span>\n\t\t\t\t\t\t\t\t\t<\/li>\n\t\t\t\t\t\t\t\t<li class=\"elementor-icon-list-item\">\n\t\t\t\t\t\t\t\t\t\t\t<span class=\"elementor-icon-list-icon\">\n\t\t\t\t\t\t\t<i aria-hidden=\"true\" class=\"fas fa-check\"><\/i>\t\t\t\t\t\t<\/span>\n\t\t\t\t\t\t\t\t\t\t<span class=\"elementor-icon-list-text\">Gegenw\u00e4rtigkeit, Achtsamkeit \u00fcben<\/span>\n\t\t\t\t\t\t\t\t\t<\/li>\n\t\t\t\t\t\t\t\t<li class=\"elementor-icon-list-item\">\n\t\t\t\t\t\t\t\t\t\t\t<span class=\"elementor-icon-list-icon\">\n\t\t\t\t\t\t\t<i aria-hidden=\"true\" class=\"fas fa-check\"><\/i>\t\t\t\t\t\t<\/span>\n\t\t\t\t\t\t\t\t\t\t<span class=\"elementor-icon-list-text\">Aufmerksamkeit steuern, Konzentration f\u00f6rdern<\/span>\n\t\t\t\t\t\t\t\t\t<\/li>\n\t\t\t\t\t\t\t\t<li class=\"elementor-icon-list-item\">\n\t\t\t\t\t\t\t\t\t\t\t<span class=\"elementor-icon-list-icon\">\n\t\t\t\t\t\t\t<i aria-hidden=\"true\" class=\"fas fa-check\"><\/i>\t\t\t\t\t\t<\/span>\n\t\t\t\t\t\t\t\t\t\t<span class=\"elementor-icon-list-text\">Haptisches Lernen<\/span>\n\t\t\t\t\t\t\t\t\t<\/li>\n\t\t\t\t\t\t\t\t<li class=\"elementor-icon-list-item\">\n\t\t\t\t\t\t\t\t\t\t\t<span class=\"elementor-icon-list-icon\">\n\t\t\t\t\t\t\t<i aria-hidden=\"true\" class=\"fas fa-check\"><\/i>\t\t\t\t\t\t<\/span>\n\t\t\t\t\t\t\t\t\t\t<span class=\"elementor-icon-list-text\">k\u00f6rperlich-sinnliche Wahrnehmungen erm\u00f6glichen, Sinnesschulung <\/span>\n\t\t\t\t\t\t\t\t\t<\/li>\n\t\t\t\t\t\t\t\t<li class=\"elementor-icon-list-item\">\n\t\t\t\t\t\t\t\t\t\t\t<span class=\"elementor-icon-list-icon\">\n\t\t\t\t\t\t\t<i aria-hidden=\"true\" class=\"fas fa-check\"><\/i>\t\t\t\t\t\t<\/span>\n\t\t\t\t\t\t\t\t\t\t<span class=\"elementor-icon-list-text\">die Selbst\u00e4ndigkeit, das Selbstvertrauen, Selbstwertgef\u00fchl f\u00f6rdern <\/span>\n\t\t\t\t\t\t\t\t\t<\/li>\n\t\t\t\t\t\t\t\t<li class=\"elementor-icon-list-item\">\n\t\t\t\t\t\t\t\t\t\t\t<span class=\"elementor-icon-list-icon\">\n\t\t\t\t\t\t\t<i aria-hidden=\"true\" class=\"fas fa-check\"><\/i>\t\t\t\t\t\t<\/span>\n\t\t\t\t\t\t\t\t\t\t<span class=\"elementor-icon-list-text\">die Selbstwirksamkeit st\u00e4rken und erweitern <\/span>\n\t\t\t\t\t\t\t\t\t<\/li>\n\t\t\t\t\t\t\t\t<li class=\"elementor-icon-list-item\">\n\t\t\t\t\t\t\t\t\t\t\t<span class=\"elementor-icon-list-icon\">\n\t\t\t\t\t\t\t<i aria-hidden=\"true\" class=\"fas fa-check\"><\/i>\t\t\t\t\t\t<\/span>\n\t\t\t\t\t\t\t\t\t\t<span class=\"elementor-icon-list-text\">die eigene Kreativit\u00e4t entdecken und freisetzen<\/span>\n\t\t\t\t\t\t\t\t\t<\/li>\n\t\t\t\t\t\t\t\t<li class=\"elementor-icon-list-item\">\n\t\t\t\t\t\t\t\t\t\t\t<span class=\"elementor-icon-list-icon\">\n\t\t\t\t\t\t\t<i aria-hidden=\"true\" class=\"fas fa-check\"><\/i>\t\t\t\t\t\t<\/span>\n\t\t\t\t\t\t\t\t\t\t<span class=\"elementor-icon-list-text\">Motorik schulen <\/span>\n\t\t\t\t\t\t\t\t\t<\/li>\n\t\t\t\t\t\t\t\t<li class=\"elementor-icon-list-item\">\n\t\t\t\t\t\t\t\t\t\t\t<span class=\"elementor-icon-list-icon\">\n\t\t\t\t\t\t\t<i aria-hidden=\"true\" class=\"fas fa-check\"><\/i>\t\t\t\t\t\t<\/span>\n\t\t\t\t\t\t\t\t\t\t<span class=\"elementor-icon-list-text\">Soziale Kompetenzen entwickeln<\/span>\n\t\t\t\t\t\t\t\t\t<\/li>\n\t\t\t\t\t\t<\/ul>\n\t\t\t\t\t\t<\/div>\n\t\t\t\t<\/div>\n\t\t\t\t\t<\/div>\n\t\t<\/div>\n\t\t\t\t\t<\/div>\n\t\t<\/section>\n\t\t\t\t<section class=\"elementor-section elementor-top-section elementor-element elementor-element-6e38e242 elementor-section-boxed elementor-section-height-default elementor-section-height-default cd-bg-color-transparent\" data-id=\"6e38e242\" data-element_type=\"section\">\n\t\t\t\t\t\t<div class=\"elementor-container elementor-column-gap-no\">\n\t\t\t\t\t<div class=\"elementor-column elementor-col-50 elementor-top-column elementor-element elementor-element-1f4b0e5b cd-bg-color-transparent\" data-id=\"1f4b0e5b\" data-element_type=\"column\">\n\t\t\t<div class=\"elementor-widget-wrap elementor-element-populated\">\n\t\t\t\t\t\t<div class=\"elementor-element elementor-element-42fcdb28 elementor-widget elementor-widget-image\" data-id=\"42fcdb28\" data-element_type=\"widget\" data-widget_type=\"image.default\">\n\t\t\t\t<div class=\"elementor-widget-container\">\n\t\t\t\t\t\t\t\t\t\t\t\t\t\t\t<img decoding=\"async\" src=\"https:\/\/lerntherapie.be\/wp-content\/uploads\/elementor\/thumbs\/4a-Wald-mein-Ritalin_1-p94rx901nx2sy0qc8mwfgedqw3vrxjgopf75w0wmly.jpg\" title=\"4a Wald mein Ritalin_1\" alt=\"4a Wald mein Ritalin_1\" loading=\"lazy\" \/>\t\t\t\t\t\t\t\t\t\t\t\t\t\t\t<\/div>\n\t\t\t\t<\/div>\n\t\t\t\t\t<\/div>\n\t\t<\/div>\n\t\t\t\t<div class=\"elementor-column elementor-col-50 elementor-top-column elementor-element elementor-element-5dcc312a cd-bg-color-transparent\" data-id=\"5dcc312a\" data-element_type=\"column\">\n\t\t\t<div class=\"elementor-widget-wrap elementor-element-populated\">\n\t\t\t\t\t\t<div class=\"elementor-element elementor-element-2d6a5531 elementor-widget elementor-widget-image\" data-id=\"2d6a5531\" data-element_type=\"widget\" data-widget_type=\"image.default\">\n\t\t\t\t<div class=\"elementor-widget-container\">\n\t\t\t\t\t\t\t\t\t\t\t\t\t\t\t<img decoding=\"async\" src=\"https:\/\/lerntherapie.be\/wp-content\/uploads\/elementor\/thumbs\/IMG_4942-p94rylvnjaxppqrcb811221ps56v1suq854euew5me.jpg\" title=\"IMG_4942\" alt=\"IMG_4942\" loading=\"lazy\" \/>\t\t\t\t\t\t\t\t\t\t\t\t\t\t\t<\/div>\n\t\t\t\t<\/div>\n\t\t\t\t\t<\/div>\n\t\t<\/div>\n\t\t\t\t\t<\/div>\n\t\t<\/section>\n\t\t\t\t<section class=\"elementor-section elementor-top-section elementor-element elementor-element-1285e717 elementor-section-boxed elementor-section-height-default elementor-section-height-default cd-bg-color-transparent\" data-id=\"1285e717\" data-element_type=\"section\">\n\t\t\t\t\t\t<div class=\"elementor-container elementor-column-gap-default\">\n\t\t\t\t\t<div class=\"elementor-column elementor-col-100 elementor-top-column elementor-element elementor-element-12596407 cd-bg-color-transparent\" data-id=\"12596407\" data-element_type=\"column\">\n\t\t\t<div class=\"elementor-widget-wrap elementor-element-populated\">\n\t\t\t\t\t\t<div class=\"elementor-element elementor-element-2ebf7e36 elementor-widget elementor-widget-heading\" data-id=\"2ebf7e36\" data-element_type=\"widget\" data-widget_type=\"heading.default\">\n\t\t\t\t<div class=\"elementor-widget-container\">\n\t\t\t\t\t<h3 class=\"elementor-heading-title elementor-size-default\">Wald statt Ritalin, Studienbeispiele \u2013 Ruhe und Gr\u00fcn d\u00e4mpfen ADHS<\/h3>\t\t\t\t<\/div>\n\t\t\t\t<\/div>\n\t\t\t\t<div class=\"elementor-element elementor-element-100673bd elementor-widget elementor-widget-text-editor\" data-id=\"100673bd\" data-element_type=\"widget\" data-widget_type=\"text-editor.default\">\n\t\t\t\t<div class=\"elementor-widget-container\">\n\t\t\t\t\t\t\t\t\t<p>Diverse Studien weisen den Wald als heilsam und gesundheitsf\u00f6rdernd aus, besonders bei ADHS,\u00a0 Konzentrationsschwierigkeiten, bei sozioemotionalen oder Wahrnehmungsst\u00f6rungen. Im Folgenden sind drei Studienbeispiele aufgef\u00fchrt:<\/p>\t\t\t\t\t\t\t\t<\/div>\n\t\t\t\t<\/div>\n\t\t\t\t\t<\/div>\n\t\t<\/div>\n\t\t\t\t\t<\/div>\n\t\t<\/section>\n\t\t\t\t<section class=\"elementor-section elementor-top-section elementor-element elementor-element-752800aa elementor-section-boxed elementor-section-height-default elementor-section-height-default cd-bg-color-transparent\" data-id=\"752800aa\" data-element_type=\"section\">\n\t\t\t\t\t\t<div class=\"elementor-container elementor-column-gap-no\">\n\t\t\t\t\t<div class=\"elementor-column elementor-col-100 elementor-top-column elementor-element elementor-element-164e321b cd-bg-color-transparent\" data-id=\"164e321b\" data-element_type=\"column\">\n\t\t\t<div class=\"elementor-widget-wrap elementor-element-populated\">\n\t\t\t\t\t\t<div class=\"elementor-element elementor-element-6c632e81 elementor-widget elementor-widget-accordion\" data-id=\"6c632e81\" data-element_type=\"widget\" data-widget_type=\"accordion.default\">\n\t\t\t\t<div class=\"elementor-widget-container\">\n\t\t\t\t\t\t\t<div class=\"elementor-accordion\">\n\t\t\t\t\t\t\t<div class=\"elementor-accordion-item\">\n\t\t\t\t\t<div id=\"elementor-tab-title-1811\" class=\"elementor-tab-title\" data-tab=\"1\" role=\"button\" aria-controls=\"elementor-tab-content-1811\" aria-expanded=\"false\">\n\t\t\t\t\t\t\t\t\t\t\t\t\t<span class=\"elementor-accordion-icon elementor-accordion-icon-right\" aria-hidden=\"true\">\n\t\t\t\t\t\t\t\t\t\t\t\t\t\t\t<span class=\"elementor-accordion-icon-closed\"><i class=\"fas fa-plus\"><\/i><\/span>\n\t\t\t\t\t\t\t\t<span class=\"elementor-accordion-icon-opened\"><i class=\"fas fa-minus\"><\/i><\/span>\n\t\t\t\t\t\t\t\t\t\t\t\t\t\t<\/span>\n\t\t\t\t\t\t\t\t\t\t\t\t<a class=\"elementor-accordion-title\" tabindex=\"0\">Eine Studie der Uni Illinois<\/a>\n\t\t\t\t\t<\/div>\n\t\t\t\t\t<div id=\"elementor-tab-content-1811\" class=\"elementor-tab-content elementor-clearfix\" data-tab=\"1\" role=\"region\" aria-labelledby=\"elementor-tab-title-1811\"><p>Kinder mit der Aufmerksamkeitsst\u00f6rung ADHS ben\u00f6tigen m\u00f6glicherweise nur eine ordentliche Prise Natur, damit sie sich besser konzentrieren und eine Weile stillsitzen k\u00f6nnen. Forscher der Universit\u00e4t von Illinois fanden heraus, dass schon ein 20-min\u00fctiger Spaziergang durch den Park den Zappelphilipp beruhigt und seine Konzentration verbessert.<\/p><p>F\u00fcr die aktuelle Studie nahmen die Wissenschaftler*innen die Kinder auf Spazierg\u00e4nge in drei verschiedene Umgebungen \u2013 Park, Innenstadt und Wohnsiedlung \u2013 mit und lie\u00dfen sie anschlie\u00dfend einen Aufmerksamkeitstest absolvieren. Das Ergebnis: Je mehr Natur ein Spaziergang zu bieten hatte, umso besser <br \/>schnitten die Kinder beim Test ab. Der Park rangierte vor dem Wohngebiet und dieses vor der Innenstadt. An einem Tag hatten die Forscher die Kinder gebeten, die normalerweise Ritalin einnehmen, f\u00fcr den Spaziergang darauf zu verzichten \u2013 mit positivem Effekt, zumindest im Park. Eine Dosis Natur konnte ohne Weiteres die <br \/>Arznei ersetzen.<\/p><\/div>\n\t\t\t\t<\/div>\n\t\t\t\t\t\t\t<div class=\"elementor-accordion-item\">\n\t\t\t\t\t<div id=\"elementor-tab-title-1812\" class=\"elementor-tab-title\" data-tab=\"2\" role=\"button\" aria-controls=\"elementor-tab-content-1812\" aria-expanded=\"false\">\n\t\t\t\t\t\t\t\t\t\t\t\t\t<span class=\"elementor-accordion-icon elementor-accordion-icon-right\" aria-hidden=\"true\">\n\t\t\t\t\t\t\t\t\t\t\t\t\t\t\t<span class=\"elementor-accordion-icon-closed\"><i class=\"fas fa-plus\"><\/i><\/span>\n\t\t\t\t\t\t\t\t<span class=\"elementor-accordion-icon-opened\"><i class=\"fas fa-minus\"><\/i><\/span>\n\t\t\t\t\t\t\t\t\t\t\t\t\t\t<\/span>\n\t\t\t\t\t\t\t\t\t\t\t\t<a class=\"elementor-accordion-title\" tabindex=\"0\">Lernort Natur\/Bochum \u2013 Walderlebnisschule<\/a>\n\t\t\t\t\t<\/div>\n\t\t\t\t\t<div id=\"elementor-tab-content-1812\" class=\"elementor-tab-content elementor-clearfix\" data-tab=\"2\" role=\"region\" aria-labelledby=\"elementor-tab-title-1812\"><p>2011\/2012 wurde unter der Federf\u00fchrung des Waldp\u00e4dagogen Peter Vieres in Zusammenarbeit mit der FH f\u00fcr Heilp\u00e4dagogik und einer F\u00f6rderschule eine Studie zum Thema &#8222;Wald statt Ritalin&#8220; durchgef\u00fchrt. In den Wald mit dem Zappelphilipp \u2013 geht das? Hyperaktive Kinder, die sich leicht ablenken lassen und nicht stillsitzen k\u00f6nnen einerseits, eine Umgebung, die wie keine andere Ruhe und R\u00e4ume f\u00fcr Besonnenheit symbolisiert auf der anderen Seite. \u201eKlar funktioniert das\u201c, sagt Peter Vieres.<\/p><p>Es wurde der Fragestellung nachgegangen, ob der Aufenthalt und die Besch\u00e4ftigung mit der Natur sich positiv auf die Konzentrations-, die Wahrnehmungsf\u00e4higkeit und das Wohlbefinden von Kindern mit dem ADHS auswirkt. Durch gezielte waldp\u00e4dagogische Ma\u00dfnahmen wurden positive Ergebnisse erzielt. ADHS-Kinder, die sich regelm\u00e4\u00dfig im Gr\u00fcnen aufhalten, zeigen generell weniger stark ausgepr\u00e4gte Symptome als solche, die selten in die freie Natur kommen<\/p><\/div>\n\t\t\t\t<\/div>\n\t\t\t\t\t\t\t<div class=\"elementor-accordion-item\">\n\t\t\t\t\t<div id=\"elementor-tab-title-1813\" class=\"elementor-tab-title\" data-tab=\"3\" role=\"button\" aria-controls=\"elementor-tab-content-1813\" aria-expanded=\"false\">\n\t\t\t\t\t\t\t\t\t\t\t\t\t<span class=\"elementor-accordion-icon elementor-accordion-icon-right\" aria-hidden=\"true\">\n\t\t\t\t\t\t\t\t\t\t\t\t\t\t\t<span class=\"elementor-accordion-icon-closed\"><i class=\"fas fa-plus\"><\/i><\/span>\n\t\t\t\t\t\t\t\t<span class=\"elementor-accordion-icon-opened\"><i class=\"fas fa-minus\"><\/i><\/span>\n\t\t\t\t\t\t\t\t\t\t\t\t\t\t<\/span>\n\t\t\t\t\t\t\t\t\t\t\t\t<a class=\"elementor-accordion-title\" tabindex=\"0\">Therapie \u201eVia Nova\u201c - das Almprojekt mit Hirnforscher Gerald H\u00fcter <\/a>\n\t\t\t\t\t<\/div>\n\t\t\t\t\t<div id=\"elementor-tab-content-1813\" class=\"elementor-tab-content elementor-clearfix\" data-tab=\"3\" role=\"region\" aria-labelledby=\"elementor-tab-title-1813\"><p>Entsprechend H\u00fcthers These: Kinder brauchen Impulse, neue Erfahrungen und Abenteuer, um ihr Gehirn, ihre Gef\u00fchlswelt, also ihre Pers\u00f6nlichkeit zu entfalten &#8211; verbringen elf Kinder zwischen neun und dreizehn Jahren mit drei Betreuern acht Wochen ohne Medikamente auf einer S\u00fcdtiroler Alm.<\/p><p>Die Kinder erleben Natur, melken, schnitzen, hacken Holz, bauen Br\u00fccken&#8230;versorgen sich selbst, tragen Verantwortung. Sie schlichten Streit, f\u00fchren viele Gespr\u00e4che. Starke Kinder, die ihre Standpunkte klar <br \/>formulieren k\u00f6nnen. Kinder, die in den acht Wochen \u201eBallast abwerfen\u201c: Schul-Druck, Familien-Alltag, Au\u00dfenseiter-Sein. &#8222;Ich kann etwas, ich bin f\u00fcr die Gemeinschaft wichtig. Die Gemeinschaft ist f\u00fcr mich wichtig. Diese Erkenntnis ist das Gep\u00e4ck, das f\u00fcr das Leben wichtig ist&#8220;, so H\u00fcther. \u201eDie Kinder haben ihre Gaben gezeigt und genutzt, um wieder zu sich zu finden. Wichtig dabei waren Natur- und Gemeinschaftserfahrungen. Konkrete, am eigenen Leib gemachte Erfahrungen in der Natur mit allen Sinnen reduzieren deutlich die Symptome.\u201c<\/p><p>Das Almprojekt mit Jugendlichen von Gerald H\u00fcther weist darauf hin, dass der durchdachte Einsatz von Naturerfahrungen Symptome der Aufmerksamkeitsdefizit- und Hyperaktivit\u00e4tsst\u00f6rung verringert, sowie kognitive F\u00e4higkeiten und die Widerstandskraft gegen negative Belastungen und Depression verbessert.<\/p><\/div>\n\t\t\t\t<\/div>\n\t\t\t\t\t\t\t\t<\/div>\n\t\t\t\t\t\t<\/div>\n\t\t\t\t<\/div>\n\t\t\t\t\t<\/div>\n\t\t<\/div>\n\t\t\t\t\t<\/div>\n\t\t<\/section>\n\t\t\t\t<\/div>\n\t\t","protected":false},"excerpt":{"rendered":"<p>It is a long established fact that a reader will be distracted by the readable content of a page when.<\/p>\n","protected":false},"author":1,"featured_media":3634,"template":"elementor_header_footer","service-category":[30],"service-tag":[],"_links":{"self":[{"href":"https:\/\/lerntherapie.be\/index.php?rest_route=\/wp\/v2\/service\/283"}],"collection":[{"href":"https:\/\/lerntherapie.be\/index.php?rest_route=\/wp\/v2\/service"}],"about":[{"href":"https:\/\/lerntherapie.be\/index.php?rest_route=\/wp\/v2\/types\/service"}],"author":[{"embeddable":true,"href":"https:\/\/lerntherapie.be\/index.php?rest_route=\/wp\/v2\/users\/1"}],"version-history":[{"count":12,"href":"https:\/\/lerntherapie.be\/index.php?rest_route=\/wp\/v2\/service\/283\/revisions"}],"predecessor-version":[{"id":4054,"href":"https:\/\/lerntherapie.be\/index.php?rest_route=\/wp\/v2\/service\/283\/revisions\/4054"}],"wp:featuredmedia":[{"embeddable":true,"href":"https:\/\/lerntherapie.be\/index.php?rest_route=\/wp\/v2\/media\/3634"}],"wp:attachment":[{"href":"https:\/\/lerntherapie.be\/index.php?rest_route=%2Fwp%2Fv2%2Fmedia&parent=283"}],"wp:term":[{"taxonomy":"service-category","embeddable":true,"href":"https:\/\/lerntherapie.be\/index.php?rest_route=%2Fwp%2Fv2%2Fservice-category&post=283"},{"taxonomy":"service-tag","embeddable":true,"href":"https:\/\/lerntherapie.be\/index.php?rest_route=%2Fwp%2Fv2%2Fservice-tag&post=283"}],"curies":[{"name":"wp","href":"https:\/\/api.w.org\/{rel}","templated":true}]}}